{"id":22201,"date":"2022-03-05T12:04:50","date_gmt":"2022-03-05T17:04:50","guid":{"rendered":"https:\/\/profonanpe.org.pe\/?page_id=22201"},"modified":"2022-03-05T12:53:08","modified_gmt":"2022-03-05T17:53:08","slug":"news","status":"publish","type":"page","link":"https:\/\/profonanpe.org.pe\/en\/noticias\/","title":{"rendered":"News"},"content":{"rendered":"\t\t<div data-elementor-type=\"wp-page\" data-elementor-id=\"22201\" class=\"elementor elementor-22201\" data-elementor-settings=\"{&quot;ha_cmc_init_switcher&quot;:&quot;no&quot;}\">\n\t\t\t\t\t\t<section class=\"elementor-section elementor-top-section elementor-element elementor-element-2ca1b04 elementor-section-boxed elementor-section-height-default elementor-section-height-default\" data-id=\"2ca1b04\" data-element_type=\"section\" data-settings=\"{&quot;background_background&quot;:&quot;classic&quot;,&quot;_ha_eqh_enable&quot;:false}\">\n\t\t\t\t\t\t<div class=\"elementor-container elementor-column-gap-default\">\n\t\t\t\t\t<div class=\"elementor-column elementor-col-100 elementor-top-column elementor-element elementor-element-7d4cb98\" data-id=\"7d4cb98\" data-element_type=\"column\">\n\t\t\t<div class=\"elementor-widget-wrap elementor-element-populated\">\n\t\t\t\t\t\t<div class=\"elementor-element elementor-element-8e5151b elementor-widget elementor-widget-jet-listing-grid\" data-id=\"8e5151b\" data-element_type=\"widget\" data-settings=\"{&quot;columns&quot;:&quot;1&quot;,&quot;columns_mobile&quot;:&quot;1&quot;}\" data-widget_type=\"jet-listing-grid.default\">\n\t\t\t\t<div class=\"elementor-widget-container\">\n\t\t\t<div class=\"jet-listing-grid jet-listing\"><div class=\"jet-listing-grid__slider slick-lib\" data-slider_options=\"{&quot;autoplaySpeed&quot;:5000,&quot;autoplay&quot;:false,&quot;pauseOnHover&quot;:true,&quot;infinite&quot;:true,&quot;centerMode&quot;:false,&quot;speed&quot;:500,&quot;arrows&quot;:false,&quot;dots&quot;:true,&quot;slidesToScroll&quot;:1,&quot;prevArrow&quot;:&quot;\\u003Cdiv class=\\u0027jet-listing-grid__slider-icon prev-arrow \\u0027 role=\\u0027button\\u0027 aria-label=\\u0027Previous\\u0027\\u003E\\u003Csvg width=\\u0027180\\u0027 height=\\u0027180\\u0027 viewBox=\\u00270 0 180 180\\u0027 fill=\\u0027none\\u0027 xmlns=\\u0027http:\\\/\\\/www.w3.org\\\/2000\\\/svg\\u0027\\u003E\\u003Cpath d=\\u0027M119 47.3166C119 48.185 118.668 48.9532 118.003 49.6212L78.8385 89L118.003 128.379C118.668 129.047 119 129.815 119 130.683C119 131.552 118.668 132.32 118.003 132.988L113.021 137.998C112.356 138.666 111.592 139 110.729 139C109.865 139 109.101 138.666 108.436 137.998L61.9966 91.3046C61.3322 90.6366 61 89.8684 61 89C61 88.1316 61.3322 87.3634 61.9966 86.6954L108.436 40.002C109.101 39.334 109.865 39 110.729 39C111.592 39 112.356 39.334 113.021 40.002L118.003 45.012C118.668 45.68 119 46.4482 119 47.3166Z\\u0027 fill=\\u0027black\\u0027\\\/\\u003E\\u003C\\\/svg\\u003E\\u003C\\\/div\\u003E&quot;,&quot;nextArrow&quot;:&quot;\\u003Cdiv class=\\u0027jet-listing-grid__slider-icon next-arrow \\u0027 role=\\u0027button\\u0027 aria-label=\\u0027Next\\u0027\\u003E\\u003Csvg width=\\u0027180\\u0027 height=\\u0027180\\u0027 viewBox=\\u00270 0 180 180\\u0027 fill=\\u0027none\\u0027 xmlns=\\u0027http:\\\/\\\/www.w3.org\\\/2000\\\/svg\\u0027\\u003E\\u003Cpath d=\\u0027M119 47.3166C119 48.185 118.668 48.9532 118.003 49.6212L78.8385 89L118.003 128.379C118.668 129.047 119 129.815 119 130.683C119 131.552 118.668 132.32 118.003 132.988L113.021 137.998C112.356 138.666 111.592 139 110.729 139C109.865 139 109.101 138.666 108.436 137.998L61.9966 91.3046C61.3322 90.6366 61 89.8684 61 89C61 88.1316 61.3322 87.3634 61.9966 86.6954L108.436 40.002C109.101 39.334 109.865 39 110.729 39C111.592 39 112.356 39.334 113.021 40.002L118.003 45.012C118.668 45.68 119 46.4482 119 47.3166Z\\u0027 fill=\\u0027black\\u0027\\\/\\u003E\\u003C\\\/svg\\u003E\\u003C\\\/div\\u003E&quot;,&quot;rtl&quot;:false,&quot;itemsCount&quot;:6,&quot;fade&quot;:false,&quot;slidesToShow&quot;:{&quot;desktop&quot;:1,&quot;tablet&quot;:1,&quot;mobile&quot;:1}}\" dir=\"ltr\"><div class=\"jet-listing-grid__items grid-col-desk-1 grid-col-tablet-1 grid-col-mobile-1 jet-listing-grid--3859\" data-queried-id=\"22201|WP_Post\" data-nav=\"{&quot;enabled&quot;:false,&quot;type&quot;:null,&quot;more_el&quot;:null,&quot;query&quot;:[],&quot;widget_settings&quot;:{&quot;lisitng_id&quot;:3859,&quot;posts_num&quot;:6,&quot;columns&quot;:1,&quot;columns_tablet&quot;:1,&quot;columns_mobile&quot;:1,&quot;column_min_width&quot;:240,&quot;column_min_width_tablet&quot;:240,&quot;column_min_width_mobile&quot;:240,&quot;inline_columns_css&quot;:false,&quot;is_archive_template&quot;:&quot;&quot;,&quot;post_status&quot;:[&quot;publish&quot;],&quot;use_random_posts_num&quot;:&quot;&quot;,&quot;max_posts_num&quot;:9,&quot;not_found_message&quot;:&quot;No data was found&quot;,&quot;is_masonry&quot;:false,&quot;equal_columns_height&quot;:&quot;&quot;,&quot;use_load_more&quot;:&quot;&quot;,&quot;load_more_id&quot;:&quot;&quot;,&quot;load_more_type&quot;:&quot;click&quot;,&quot;load_more_offset&quot;:null,&quot;use_custom_post_types&quot;:&quot;&quot;,&quot;custom_post_types&quot;:[],&quot;hide_widget_if&quot;:&quot;&quot;,&quot;carousel_enabled&quot;:&quot;yes&quot;,&quot;slides_to_scroll&quot;:&quot;1&quot;,&quot;arrows&quot;:&quot;true&quot;,&quot;arrow_icon&quot;:&quot;fa fa-angle-left&quot;,&quot;dots&quot;:&quot;true&quot;,&quot;autoplay&quot;:&quot;true&quot;,&quot;pause_on_hover&quot;:&quot;true&quot;,&quot;autoplay_speed&quot;:5000,&quot;infinite&quot;:&quot;true&quot;,&quot;center_mode&quot;:&quot;&quot;,&quot;effect&quot;:&quot;slide&quot;,&quot;speed&quot;:500,&quot;inject_alternative_items&quot;:&quot;&quot;,&quot;injection_items&quot;:[],&quot;scroll_slider_enabled&quot;:&quot;&quot;,&quot;scroll_slider_on&quot;:[&quot;desktop&quot;,&quot;tablet&quot;,&quot;mobile&quot;],&quot;custom_query&quot;:false,&quot;custom_query_id&quot;:&quot;&quot;,&quot;_element_id&quot;:&quot;&quot;,&quot;collapse_first_last_gap&quot;:false,&quot;list_tag_selection&quot;:&quot;&quot;,&quot;list_items_wrapper_tag&quot;:&quot;div&quot;,&quot;list_item_tag&quot;:&quot;div&quot;,&quot;empty_items_wrapper_tag&quot;:&quot;div&quot;}}\" data-page=\"1\" data-pages=\"70\" data-listing-source=\"posts\" data-listing-id=\"3859\" data-query-id=\"\"><div class=\"jet-listing-grid__item jet-listing-dynamic-post-53557\" data-post-id=\"53557\"  >\t\t<div data-elementor-type=\"jet-listing-items\" data-elementor-id=\"3859\" class=\"elementor elementor-3859\" data-elementor-settings=\"{&quot;ha_cmc_init_switcher&quot;:&quot;no&quot;}\">\n\t\t\t\t\t\t<section class=\"elementor-section elementor-top-section elementor-element elementor-element-89b54f9 elementor-section-full_width elementor-reverse-mobile elementor-section-height-default elementor-section-height-default\" data-id=\"89b54f9\" data-element_type=\"section\" data-settings=\"{&quot;_ha_eqh_enable&quot;:false}\">\n\t\t\t\t\t\t<div class=\"elementor-container elementor-column-gap-default\">\n\t\t\t\t\t<div class=\"elementor-column elementor-col-50 elementor-top-column elementor-element elementor-element-c859260\" data-id=\"c859260\" data-element_type=\"column\">\n\t\t\t<div class=\"elementor-widget-wrap elementor-element-populated\">\n\t\t\t\t\t\t<div class=\"elementor-element elementor-element-6cf3254 elementor-widget elementor-widget-heading\" data-id=\"6cf3254\" data-element_type=\"widget\" data-widget_type=\"heading.default\">\n\t\t\t\t<div class=\"elementor-widget-container\">\n\t\t\t<h2 class=\"elementor-heading-title elementor-size-default\">Municipalidad de Oxapampa articula esfuerzos con Poli-LAC para impulsar cadenas productivas amigables con polinizadores<\/h2>\t\t<\/div>\n\t\t\t\t<\/div>\n\t\t\t\t<div class=\"elementor-element elementor-element-990c6d9 elementor-widget elementor-widget-text-editor\" data-id=\"990c6d9\" data-element_type=\"widget\" data-widget_type=\"text-editor.default\">\n\t\t\t\t<div class=\"elementor-widget-container\">\n\t\t\t\t\t\t\tNueva edici\u00f3n de Procompite incorpora criterios ambientales para proteger polinizadores y potenciar cadenas productivas sostenibles como el caf\u00e9, cacao y granadilla\t\t\t\t\t\t<\/div>\n\t\t\t\t<\/div>\n\t\t\t\t<div class=\"elementor-element elementor-element-0a80564 elementor-widget elementor-widget-button\" data-id=\"0a80564\" data-element_type=\"widget\" data-widget_type=\"button.default\">\n\t\t\t\t<div class=\"elementor-widget-container\">\n\t\t\t\t\t<div class=\"elementor-button-wrapper\">\n\t\t\t<a class=\"elementor-button elementor-button-link elementor-size-sm\" href=\"https:\/\/profonanpe.org.pe\/en\/oxapampa-procompite-provincial-incorpora-criterios-de-proteccion-a-polinizadores-junto-a-poli-lac\/\">\n\t\t\t\t\t\t<span class=\"elementor-button-content-wrapper\">\n\t\t\t\t\t\t<span class=\"elementor-button-icon\">\n\t\t\t\t<i aria-hidden=\"true\" class=\"iconconvocatorias- icon-convocatorias-convocatorias-agregar-fila\"><\/i>\t\t\t<\/span>\n\t\t\t\t\t\t\t\t\t<span class=\"elementor-button-text\">Leer m\u00e1s<\/span>\n\t\t\t\t\t<\/span>\n\t\t\t\t\t<\/a>\n\t\t<\/div>\n\t\t\t\t<\/div>\n\t\t\t\t<\/div>\n\t\t\t\t\t<\/div>\n\t\t<\/div>\n\t\t\t\t<div class=\"elementor-column elementor-col-50 elementor-top-column elementor-element elementor-element-c58c67f\" data-id=\"c58c67f\" data-element_type=\"column\">\n\t\t\t<div class=\"elementor-widget-wrap elementor-element-populated\">\n\t\t\t\t\t\t<div class=\"elementor-element elementor-element-06a3467 elementor-widget elementor-widget-image\" data-id=\"06a3467\" data-element_type=\"widget\" data-widget_type=\"image.default\">\n\t\t\t\t<div class=\"elementor-widget-container\">\n\t\t\t\t\t\t\t\t\t\t\t\t\t\t<a href=\"https:\/\/profonanpe.org.pe\/en\/oxapampa-procompite-provincial-incorpora-criterios-de-proteccion-a-polinizadores-junto-a-poli-lac\/\">\n\t\t\t\t\t\t\t<img fetchpriority=\"high\" decoding=\"async\" width=\"5931\" height=\"3619\" src=\"https:\/\/profonanpe.org.pe\/wp-content\/uploads\/2026\/04\/FOTO-01-CREDITOS-MPO.jpeg\" class=\"attachment-full size-full wp-image-53558\" alt=\"Nueva edici\u00f3n de Procompite incorpora criterios ambientales para proteger polinizadores y potenciar cadenas productivas sostenibles como el caf\u00e9, cacao y granadilla\" srcset=\"https:\/\/profonanpe.org.pe\/wp-content\/uploads\/2026\/04\/FOTO-01-CREDITOS-MPO.jpeg 5931w, https:\/\/profonanpe.org.pe\/wp-content\/uploads\/2026\/04\/FOTO-01-CREDITOS-MPO-300x183.jpeg 300w, https:\/\/profonanpe.org.pe\/wp-content\/uploads\/2026\/04\/FOTO-01-CREDITOS-MPO-1024x625.jpeg 1024w, https:\/\/profonanpe.org.pe\/wp-content\/uploads\/2026\/04\/FOTO-01-CREDITOS-MPO-768x469.jpeg 768w, https:\/\/profonanpe.org.pe\/wp-content\/uploads\/2026\/04\/FOTO-01-CREDITOS-MPO-1536x937.jpeg 1536w, https:\/\/profonanpe.org.pe\/wp-content\/uploads\/2026\/04\/FOTO-01-CREDITOS-MPO-2048x1250.jpeg 2048w, https:\/\/profonanpe.org.pe\/wp-content\/uploads\/2026\/04\/FOTO-01-CREDITOS-MPO-18x12.jpeg 18w\" sizes=\"(max-width: 5931px) 100vw, 5931px\" \/>\t\t\t\t\t\t\t\t<\/a>\n\t\t\t\t\t\t\t\t\t\t\t\t\t<\/div>\n\t\t\t\t<\/div>\n\t\t\t\t\t<\/div>\n\t\t<\/div>\n\t\t\t\t\t<\/div>\n\t\t<\/section>\n\t\t\t\t<\/div>\n\t\t<\/div><div class=\"jet-listing-grid__item jet-listing-dynamic-post-53550\" data-post-id=\"53550\"  >\t\t<div data-elementor-type=\"jet-listing-items\" data-elementor-id=\"3859\" class=\"elementor elementor-3859\" data-elementor-settings=\"{&quot;ha_cmc_init_switcher&quot;:&quot;no&quot;}\">\n\t\t\t\t\t\t<section class=\"elementor-section elementor-top-section elementor-element elementor-element-89b54f9 elementor-section-full_width elementor-reverse-mobile elementor-section-height-default elementor-section-height-default\" data-id=\"89b54f9\" data-element_type=\"section\" data-settings=\"{&quot;_ha_eqh_enable&quot;:false}\">\n\t\t\t\t\t\t<div class=\"elementor-container elementor-column-gap-default\">\n\t\t\t\t\t<div class=\"elementor-column elementor-col-50 elementor-top-column elementor-element elementor-element-c859260\" data-id=\"c859260\" data-element_type=\"column\">\n\t\t\t<div class=\"elementor-widget-wrap elementor-element-populated\">\n\t\t\t\t\t\t<div class=\"elementor-element elementor-element-6cf3254 elementor-widget elementor-widget-heading\" data-id=\"6cf3254\" data-element_type=\"widget\" data-widget_type=\"heading.default\">\n\t\t\t\t<div class=\"elementor-widget-container\">\n\t\t\t<h2 class=\"elementor-heading-title elementor-size-default\">Se ratific\u00f3 la creaci\u00f3n del \u00c1rea de Conservaci\u00f3n Privada Huata con firma comunal<\/h2>\t\t<\/div>\n\t\t\t\t<\/div>\n\t\t\t\t<div class=\"elementor-element elementor-element-990c6d9 elementor-widget elementor-widget-text-editor\" data-id=\"990c6d9\" data-element_type=\"widget\" data-widget_type=\"text-editor.default\">\n\t\t\t\t<div class=\"elementor-widget-container\">\n\t\t\t\t\t\t\tHuata avanza hacia su \u00e1rea de conservaci\u00f3n con liderazgo comunal y acuerdos\t\t\t\t\t\t<\/div>\n\t\t\t\t<\/div>\n\t\t\t\t<div class=\"elementor-element elementor-element-0a80564 elementor-widget elementor-widget-button\" data-id=\"0a80564\" data-element_type=\"widget\" data-widget_type=\"button.default\">\n\t\t\t\t<div class=\"elementor-widget-container\">\n\t\t\t\t\t<div class=\"elementor-button-wrapper\">\n\t\t\t<a class=\"elementor-button elementor-button-link elementor-size-sm\" href=\"https:\/\/profonanpe.org.pe\/en\/se-ratifico-la-creacion-del-area-de-conservacion-privada-huata-con-firma-comunal\/\">\n\t\t\t\t\t\t<span class=\"elementor-button-content-wrapper\">\n\t\t\t\t\t\t<span class=\"elementor-button-icon\">\n\t\t\t\t<i aria-hidden=\"true\" class=\"iconconvocatorias- icon-convocatorias-convocatorias-agregar-fila\"><\/i>\t\t\t<\/span>\n\t\t\t\t\t\t\t\t\t<span class=\"elementor-button-text\">Leer m\u00e1s<\/span>\n\t\t\t\t\t<\/span>\n\t\t\t\t\t<\/a>\n\t\t<\/div>\n\t\t\t\t<\/div>\n\t\t\t\t<\/div>\n\t\t\t\t\t<\/div>\n\t\t<\/div>\n\t\t\t\t<div class=\"elementor-column elementor-col-50 elementor-top-column elementor-element elementor-element-c58c67f\" data-id=\"c58c67f\" data-element_type=\"column\">\n\t\t\t<div class=\"elementor-widget-wrap elementor-element-populated\">\n\t\t\t\t\t\t<div class=\"elementor-element elementor-element-06a3467 elementor-widget elementor-widget-image\" data-id=\"06a3467\" data-element_type=\"widget\" data-widget_type=\"image.default\">\n\t\t\t\t<div class=\"elementor-widget-container\">\n\t\t\t\t\t\t\t\t\t\t\t\t\t\t<a href=\"https:\/\/profonanpe.org.pe\/en\/se-ratifico-la-creacion-del-area-de-conservacion-privada-huata-con-firma-comunal\/\">\n\t\t\t\t\t\t\t<img decoding=\"async\" width=\"460\" height=\"299\" src=\"https:\/\/profonanpe.org.pe\/wp-content\/uploads\/2026\/04\/Imagen1.png\" class=\"attachment-full size-full wp-image-53553\" alt=\"\u201cMatorralero de anteojos negros (Atlapetes melanopsis)\u201d Fotograf\u00eda: Jonathan Chancasana Villacorta\" srcset=\"https:\/\/profonanpe.org.pe\/wp-content\/uploads\/2026\/04\/Imagen1.png 460w, https:\/\/profonanpe.org.pe\/wp-content\/uploads\/2026\/04\/Imagen1-300x195.png 300w, https:\/\/profonanpe.org.pe\/wp-content\/uploads\/2026\/04\/Imagen1-18x12.png 18w\" sizes=\"(max-width: 460px) 100vw, 460px\" \/>\t\t\t\t\t\t\t\t<\/a>\n\t\t\t\t\t\t\t\t\t\t\t\t\t<\/div>\n\t\t\t\t<\/div>\n\t\t\t\t\t<\/div>\n\t\t<\/div>\n\t\t\t\t\t<\/div>\n\t\t<\/section>\n\t\t\t\t<\/div>\n\t\t<\/div><div class=\"jet-listing-grid__item jet-listing-dynamic-post-53547\" data-post-id=\"53547\"  >\t\t<div data-elementor-type=\"jet-listing-items\" data-elementor-id=\"3859\" class=\"elementor elementor-3859\" data-elementor-settings=\"{&quot;ha_cmc_init_switcher&quot;:&quot;no&quot;}\">\n\t\t\t\t\t\t<section class=\"elementor-section elementor-top-section elementor-element elementor-element-89b54f9 elementor-section-full_width elementor-reverse-mobile elementor-section-height-default elementor-section-height-default\" data-id=\"89b54f9\" data-element_type=\"section\" data-settings=\"{&quot;_ha_eqh_enable&quot;:false}\">\n\t\t\t\t\t\t<div class=\"elementor-container elementor-column-gap-default\">\n\t\t\t\t\t<div class=\"elementor-column elementor-col-50 elementor-top-column elementor-element elementor-element-c859260\" data-id=\"c859260\" data-element_type=\"column\">\n\t\t\t<div class=\"elementor-widget-wrap elementor-element-populated\">\n\t\t\t\t\t\t<div class=\"elementor-element elementor-element-6cf3254 elementor-widget elementor-widget-heading\" data-id=\"6cf3254\" data-element_type=\"widget\" data-widget_type=\"heading.default\">\n\t\t\t\t<div class=\"elementor-widget-container\">\n\t\t\t<h2 class=\"elementor-heading-title elementor-size-default\">Proyecto DCI moviliza cerca de 10 millones de d\u00f3lares en favor de la Amazon\u00eda peruana<\/h2>\t\t<\/div>\n\t\t\t\t<\/div>\n\t\t\t\t<div class=\"elementor-element elementor-element-990c6d9 elementor-widget elementor-widget-text-editor\" data-id=\"990c6d9\" data-element_type=\"widget\" data-widget_type=\"text-editor.default\">\n\t\t\t\t<div class=\"elementor-widget-container\">\n\t\t\t\t\t\t\tLa Junta de Administraci\u00f3n del proyecto revis\u00f3 los avances de implementaci\u00f3n de cara al cierre t\u00e9cnico-administrativo\t\t\t\t\t\t<\/div>\n\t\t\t\t<\/div>\n\t\t\t\t<div class=\"elementor-element elementor-element-0a80564 elementor-widget elementor-widget-button\" data-id=\"0a80564\" data-element_type=\"widget\" data-widget_type=\"button.default\">\n\t\t\t\t<div class=\"elementor-widget-container\">\n\t\t\t\t\t<div class=\"elementor-button-wrapper\">\n\t\t\t<a class=\"elementor-button elementor-button-link elementor-size-sm\" href=\"https:\/\/profonanpe.org.pe\/en\/proyecto-dci-moviliza-cerca-de-10-millones-de-dolares-en-favor-de-la-amazonia-peruana\/\">\n\t\t\t\t\t\t<span class=\"elementor-button-content-wrapper\">\n\t\t\t\t\t\t<span class=\"elementor-button-icon\">\n\t\t\t\t<i aria-hidden=\"true\" class=\"iconconvocatorias- icon-convocatorias-convocatorias-agregar-fila\"><\/i>\t\t\t<\/span>\n\t\t\t\t\t\t\t\t\t<span class=\"elementor-button-text\">Leer m\u00e1s<\/span>\n\t\t\t\t\t<\/span>\n\t\t\t\t\t<\/a>\n\t\t<\/div>\n\t\t\t\t<\/div>\n\t\t\t\t<\/div>\n\t\t\t\t\t<\/div>\n\t\t<\/div>\n\t\t\t\t<div class=\"elementor-column elementor-col-50 elementor-top-column elementor-element elementor-element-c58c67f\" data-id=\"c58c67f\" data-element_type=\"column\">\n\t\t\t<div class=\"elementor-widget-wrap elementor-element-populated\">\n\t\t\t\t\t\t<div class=\"elementor-element elementor-element-06a3467 elementor-widget elementor-widget-image\" data-id=\"06a3467\" data-element_type=\"widget\" data-widget_type=\"image.default\">\n\t\t\t\t<div class=\"elementor-widget-container\">\n\t\t\t\t\t\t\t\t\t\t\t\t\t\t<a href=\"https:\/\/profonanpe.org.pe\/en\/proyecto-dci-moviliza-cerca-de-10-millones-de-dolares-en-favor-de-la-amazonia-peruana\/\">\n\t\t\t\t\t\t\t<img decoding=\"async\" width=\"6000\" height=\"4000\" src=\"https:\/\/profonanpe.org.pe\/wp-content\/uploads\/2026\/04\/DSC02708.jpg\" class=\"attachment-full size-full wp-image-53548\" alt=\"\" srcset=\"https:\/\/profonanpe.org.pe\/wp-content\/uploads\/2026\/04\/DSC02708.jpg 6000w, https:\/\/profonanpe.org.pe\/wp-content\/uploads\/2026\/04\/DSC02708-300x200.jpg 300w, https:\/\/profonanpe.org.pe\/wp-content\/uploads\/2026\/04\/DSC02708-1024x683.jpg 1024w, https:\/\/profonanpe.org.pe\/wp-content\/uploads\/2026\/04\/DSC02708-768x512.jpg 768w, https:\/\/profonanpe.org.pe\/wp-content\/uploads\/2026\/04\/DSC02708-1536x1024.jpg 1536w, https:\/\/profonanpe.org.pe\/wp-content\/uploads\/2026\/04\/DSC02708-2048x1365.jpg 2048w, https:\/\/profonanpe.org.pe\/wp-content\/uploads\/2026\/04\/DSC02708-18x12.jpg 18w\" sizes=\"(max-width: 6000px) 100vw, 6000px\" \/>\t\t\t\t\t\t\t\t<\/a>\n\t\t\t\t\t\t\t\t\t\t\t\t\t<\/div>\n\t\t\t\t<\/div>\n\t\t\t\t\t<\/div>\n\t\t<\/div>\n\t\t\t\t\t<\/div>\n\t\t<\/section>\n\t\t\t\t<\/div>\n\t\t<\/div><div class=\"jet-listing-grid__item jet-listing-dynamic-post-53541\" data-post-id=\"53541\"  >\t\t<div data-elementor-type=\"jet-listing-items\" data-elementor-id=\"3859\" class=\"elementor elementor-3859\" data-elementor-settings=\"{&quot;ha_cmc_init_switcher&quot;:&quot;no&quot;}\">\n\t\t\t\t\t\t<section class=\"elementor-section elementor-top-section elementor-element elementor-element-89b54f9 elementor-section-full_width elementor-reverse-mobile elementor-section-height-default elementor-section-height-default\" data-id=\"89b54f9\" data-element_type=\"section\" data-settings=\"{&quot;_ha_eqh_enable&quot;:false}\">\n\t\t\t\t\t\t<div class=\"elementor-container elementor-column-gap-default\">\n\t\t\t\t\t<div class=\"elementor-column elementor-col-50 elementor-top-column elementor-element elementor-element-c859260\" data-id=\"c859260\" data-element_type=\"column\">\n\t\t\t<div class=\"elementor-widget-wrap elementor-element-populated\">\n\t\t\t\t\t\t<div class=\"elementor-element elementor-element-6cf3254 elementor-widget elementor-widget-heading\" data-id=\"6cf3254\" data-element_type=\"widget\" data-widget_type=\"heading.default\">\n\t\t\t\t<div class=\"elementor-widget-container\">\n\t\t\t<h2 class=\"elementor-heading-title elementor-size-default\">Familias y autoridades de Paliapampa se movilizaron para reforestar cabeceras de cuenca en Jun\u00edn<\/h2>\t\t<\/div>\n\t\t\t\t<\/div>\n\t\t\t\t<div class=\"elementor-element elementor-element-990c6d9 elementor-widget elementor-widget-text-editor\" data-id=\"990c6d9\" data-element_type=\"widget\" data-widget_type=\"text-editor.default\">\n\t\t\t\t<div class=\"elementor-widget-container\">\n\t\t\t\t\t\t\tPlantones de que\u00f1uales y talhuis se instalan con cerco y mantenimiento para enfrentar erosi\u00f3n y eventos clim\u00e1ticos.\t\t\t\t\t\t<\/div>\n\t\t\t\t<\/div>\n\t\t\t\t<div class=\"elementor-element elementor-element-0a80564 elementor-widget elementor-widget-button\" data-id=\"0a80564\" data-element_type=\"widget\" data-widget_type=\"button.default\">\n\t\t\t\t<div class=\"elementor-widget-container\">\n\t\t\t\t\t<div class=\"elementor-button-wrapper\">\n\t\t\t<a class=\"elementor-button elementor-button-link elementor-size-sm\" href=\"https:\/\/profonanpe.org.pe\/en\/familias-y-autoridades-de-paliapampa-se-movilizaron-para-reforestar-cabeceras-de-cuenca-en-junin\/\">\n\t\t\t\t\t\t<span class=\"elementor-button-content-wrapper\">\n\t\t\t\t\t\t<span class=\"elementor-button-icon\">\n\t\t\t\t<i aria-hidden=\"true\" class=\"iconconvocatorias- icon-convocatorias-convocatorias-agregar-fila\"><\/i>\t\t\t<\/span>\n\t\t\t\t\t\t\t\t\t<span class=\"elementor-button-text\">Leer m\u00e1s<\/span>\n\t\t\t\t\t<\/span>\n\t\t\t\t\t<\/a>\n\t\t<\/div>\n\t\t\t\t<\/div>\n\t\t\t\t<\/div>\n\t\t\t\t\t<\/div>\n\t\t<\/div>\n\t\t\t\t<div class=\"elementor-column elementor-col-50 elementor-top-column elementor-element elementor-element-c58c67f\" data-id=\"c58c67f\" data-element_type=\"column\">\n\t\t\t<div class=\"elementor-widget-wrap elementor-element-populated\">\n\t\t\t\t\t\t<div class=\"elementor-element elementor-element-06a3467 elementor-widget elementor-widget-image\" data-id=\"06a3467\" data-element_type=\"widget\" data-widget_type=\"image.default\">\n\t\t\t\t<div class=\"elementor-widget-container\">\n\t\t\t\t\t\t\t\t\t\t\t\t\t\t<a href=\"https:\/\/profonanpe.org.pe\/en\/familias-y-autoridades-de-paliapampa-se-movilizaron-para-reforestar-cabeceras-de-cuenca-en-junin\/\">\n\t\t\t\t\t\t\t<img loading=\"lazy\" decoding=\"async\" width=\"444\" height=\"296\" src=\"https:\/\/profonanpe.org.pe\/wp-content\/uploads\/2026\/04\/Imagen3-1.jpg\" class=\"attachment-full size-full wp-image-53543\" alt=\"\u00a9 Gerson Ferrer | Yunkawasi\" srcset=\"https:\/\/profonanpe.org.pe\/wp-content\/uploads\/2026\/04\/Imagen3-1.jpg 444w, https:\/\/profonanpe.org.pe\/wp-content\/uploads\/2026\/04\/Imagen3-1-300x200.jpg 300w, https:\/\/profonanpe.org.pe\/wp-content\/uploads\/2026\/04\/Imagen3-1-18x12.jpg 18w\" sizes=\"(max-width: 444px) 100vw, 444px\" \/>\t\t\t\t\t\t\t\t<\/a>\n\t\t\t\t\t\t\t\t\t\t\t\t\t<\/div>\n\t\t\t\t<\/div>\n\t\t\t\t\t<\/div>\n\t\t<\/div>\n\t\t\t\t\t<\/div>\n\t\t<\/section>\n\t\t\t\t<\/div>\n\t\t<\/div><div class=\"jet-listing-grid__item jet-listing-dynamic-post-53536\" data-post-id=\"53536\"  >\t\t<div data-elementor-type=\"jet-listing-items\" data-elementor-id=\"3859\" class=\"elementor elementor-3859\" data-elementor-settings=\"{&quot;ha_cmc_init_switcher&quot;:&quot;no&quot;}\">\n\t\t\t\t\t\t<section class=\"elementor-section elementor-top-section elementor-element elementor-element-89b54f9 elementor-section-full_width elementor-reverse-mobile elementor-section-height-default elementor-section-height-default\" data-id=\"89b54f9\" data-element_type=\"section\" data-settings=\"{&quot;_ha_eqh_enable&quot;:false}\">\n\t\t\t\t\t\t<div class=\"elementor-container elementor-column-gap-default\">\n\t\t\t\t\t<div class=\"elementor-column elementor-col-50 elementor-top-column elementor-element elementor-element-c859260\" data-id=\"c859260\" data-element_type=\"column\">\n\t\t\t<div class=\"elementor-widget-wrap elementor-element-populated\">\n\t\t\t\t\t\t<div class=\"elementor-element elementor-element-6cf3254 elementor-widget elementor-widget-heading\" data-id=\"6cf3254\" data-element_type=\"widget\" data-widget_type=\"heading.default\">\n\t\t\t\t<div class=\"elementor-widget-container\">\n\t\t\t<h2 class=\"elementor-heading-title elementor-size-default\">Culmin\u00f3 la elaboraci\u00f3n del Plan Maestro preliminar para el futuro ACR Rontoccocha en Apur\u00edmac<\/h2>\t\t<\/div>\n\t\t\t\t<\/div>\n\t\t\t\t<div class=\"elementor-element elementor-element-990c6d9 elementor-widget elementor-widget-text-editor\" data-id=\"990c6d9\" data-element_type=\"widget\" data-widget_type=\"text-editor.default\">\n\t\t\t\t<div class=\"elementor-widget-container\">\n\t\t\t\t\t\t\tEl instrumento t\u00e9cnico orientar\u00e1 la gesti\u00f3n de m\u00e1s de 37 mil hect\u00e1reas de ecosistemas altoandinos \t\t\t\t\t\t<\/div>\n\t\t\t\t<\/div>\n\t\t\t\t<div class=\"elementor-element elementor-element-0a80564 elementor-widget elementor-widget-button\" data-id=\"0a80564\" data-element_type=\"widget\" data-widget_type=\"button.default\">\n\t\t\t\t<div class=\"elementor-widget-container\">\n\t\t\t\t\t<div class=\"elementor-button-wrapper\">\n\t\t\t<a class=\"elementor-button elementor-button-link elementor-size-sm\" href=\"https:\/\/profonanpe.org.pe\/en\/culmino-la-elaboracion-del-plan-maestro-preliminar-para-el-futuro-acr-rontoccocha-en-apurimac\/\">\n\t\t\t\t\t\t<span class=\"elementor-button-content-wrapper\">\n\t\t\t\t\t\t<span class=\"elementor-button-icon\">\n\t\t\t\t<i aria-hidden=\"true\" class=\"iconconvocatorias- icon-convocatorias-convocatorias-agregar-fila\"><\/i>\t\t\t<\/span>\n\t\t\t\t\t\t\t\t\t<span class=\"elementor-button-text\">Leer m\u00e1s<\/span>\n\t\t\t\t\t<\/span>\n\t\t\t\t\t<\/a>\n\t\t<\/div>\n\t\t\t\t<\/div>\n\t\t\t\t<\/div>\n\t\t\t\t\t<\/div>\n\t\t<\/div>\n\t\t\t\t<div class=\"elementor-column elementor-col-50 elementor-top-column elementor-element elementor-element-c58c67f\" data-id=\"c58c67f\" data-element_type=\"column\">\n\t\t\t<div class=\"elementor-widget-wrap elementor-element-populated\">\n\t\t\t\t\t\t<div class=\"elementor-element elementor-element-06a3467 elementor-widget elementor-widget-image\" data-id=\"06a3467\" data-element_type=\"widget\" data-widget_type=\"image.default\">\n\t\t\t\t<div class=\"elementor-widget-container\">\n\t\t\t\t\t\t\t\t\t\t\t\t\t\t<a href=\"https:\/\/profonanpe.org.pe\/en\/culmino-la-elaboracion-del-plan-maestro-preliminar-para-el-futuro-acr-rontoccocha-en-apurimac\/\">\n\t\t\t\t\t\t\t<img loading=\"lazy\" decoding=\"async\" width=\"414\" height=\"310\" src=\"https:\/\/profonanpe.org.pe\/wp-content\/uploads\/2026\/04\/Imagen1-3.jpg\" class=\"attachment-full size-full wp-image-53538\" alt=\"Bosques de que\u00f1ua en el \u00e1mbito de la propuesta del ACR Rontoccocha, ecosistemas clave para la regulaci\u00f3n h\u00eddrica - \u00a9 IDMA\" srcset=\"https:\/\/profonanpe.org.pe\/wp-content\/uploads\/2026\/04\/Imagen1-3.jpg 414w, https:\/\/profonanpe.org.pe\/wp-content\/uploads\/2026\/04\/Imagen1-3-300x225.jpg 300w, https:\/\/profonanpe.org.pe\/wp-content\/uploads\/2026\/04\/Imagen1-3-16x12.jpg 16w\" sizes=\"(max-width: 414px) 100vw, 414px\" \/>\t\t\t\t\t\t\t\t<\/a>\n\t\t\t\t\t\t\t\t\t\t\t\t\t<\/div>\n\t\t\t\t<\/div>\n\t\t\t\t\t<\/div>\n\t\t<\/div>\n\t\t\t\t\t<\/div>\n\t\t<\/section>\n\t\t\t\t<\/div>\n\t\t<\/div><div class=\"jet-listing-grid__item jet-listing-dynamic-post-53378\" data-post-id=\"53378\"  >\t\t<div data-elementor-type=\"jet-listing-items\" data-elementor-id=\"3859\" class=\"elementor elementor-3859\" data-elementor-settings=\"{&quot;ha_cmc_init_switcher&quot;:&quot;no&quot;}\">\n\t\t\t\t\t\t<section class=\"elementor-section elementor-top-section elementor-element elementor-element-89b54f9 elementor-section-full_width elementor-reverse-mobile elementor-section-height-default elementor-section-height-default\" data-id=\"89b54f9\" data-element_type=\"section\" data-settings=\"{&quot;_ha_eqh_enable&quot;:false}\">\n\t\t\t\t\t\t<div class=\"elementor-container elementor-column-gap-default\">\n\t\t\t\t\t<div class=\"elementor-column elementor-col-50 elementor-top-column elementor-element elementor-element-c859260\" data-id=\"c859260\" data-element_type=\"column\">\n\t\t\t<div class=\"elementor-widget-wrap elementor-element-populated\">\n\t\t\t\t\t\t<div class=\"elementor-element elementor-element-6cf3254 elementor-widget elementor-widget-heading\" data-id=\"6cf3254\" data-element_type=\"widget\" data-widget_type=\"heading.default\">\n\t\t\t\t<div class=\"elementor-widget-container\">\n\t\t\t<h2 class=\"elementor-heading-title elementor-size-default\">Lambayeque actualiza su Estrategia Regional de Cambio Clim\u00e1tico con estudio de riesgos  al 2050<\/h2>\t\t<\/div>\n\t\t\t\t<\/div>\n\t\t\t\t<div class=\"elementor-element elementor-element-990c6d9 elementor-widget elementor-widget-text-editor\" data-id=\"990c6d9\" data-element_type=\"widget\" data-widget_type=\"text-editor.default\">\n\t\t\t\t<div class=\"elementor-widget-container\">\n\t\t\t\t\t\t\tEl estudio identifica territorios vulnerables al cambio clim\u00e1tico y orienta la planificaci\u00f3n regional \t\t\t\t\t\t<\/div>\n\t\t\t\t<\/div>\n\t\t\t\t<div class=\"elementor-element elementor-element-0a80564 elementor-widget elementor-widget-button\" data-id=\"0a80564\" data-element_type=\"widget\" data-widget_type=\"button.default\">\n\t\t\t\t<div class=\"elementor-widget-container\">\n\t\t\t\t\t<div class=\"elementor-button-wrapper\">\n\t\t\t<a class=\"elementor-button elementor-button-link elementor-size-sm\" href=\"https:\/\/profonanpe.org.pe\/en\/lambayeque-actualiza-su-estrategia-regional-de-cambio-climatico-con-estudio-de-riesgos-al-2050\/\">\n\t\t\t\t\t\t<span class=\"elementor-button-content-wrapper\">\n\t\t\t\t\t\t<span class=\"elementor-button-icon\">\n\t\t\t\t<i aria-hidden=\"true\" class=\"iconconvocatorias- icon-convocatorias-convocatorias-agregar-fila\"><\/i>\t\t\t<\/span>\n\t\t\t\t\t\t\t\t\t<span class=\"elementor-button-text\">Leer m\u00e1s<\/span>\n\t\t\t\t\t<\/span>\n\t\t\t\t\t<\/a>\n\t\t<\/div>\n\t\t\t\t<\/div>\n\t\t\t\t<\/div>\n\t\t\t\t\t<\/div>\n\t\t<\/div>\n\t\t\t\t<div class=\"elementor-column elementor-col-50 elementor-top-column elementor-element elementor-element-c58c67f\" data-id=\"c58c67f\" data-element_type=\"column\">\n\t\t\t<div class=\"elementor-widget-wrap elementor-element-populated\">\n\t\t\t\t\t\t<div class=\"elementor-element elementor-element-06a3467 elementor-widget elementor-widget-image\" data-id=\"06a3467\" data-element_type=\"widget\" data-widget_type=\"image.default\">\n\t\t\t\t<div class=\"elementor-widget-container\">\n\t\t\t\t\t\t\t\t\t\t\t\t\t\t<a href=\"https:\/\/profonanpe.org.pe\/en\/lambayeque-actualiza-su-estrategia-regional-de-cambio-climatico-con-estudio-de-riesgos-al-2050\/\">\n\t\t\t\t\t\t\t<img loading=\"lazy\" decoding=\"async\" width=\"567\" height=\"325\" src=\"https:\/\/profonanpe.org.pe\/wp-content\/uploads\/2026\/04\/Imagen1-2.jpg\" class=\"attachment-full size-full wp-image-53380\" alt=\"Foto: Gobierno Regional de Lambayeque \u2013 Taller para la validaci\u00f3n de los modelos conceptuales con Grupo T\u00e9cnico Regional de Cambio Clim\u00e1tico de la Comisi\u00f3n Ambiental Regional (CAR) de Lambayeque (15 de enero de 2026)\" srcset=\"https:\/\/profonanpe.org.pe\/wp-content\/uploads\/2026\/04\/Imagen1-2.jpg 567w, https:\/\/profonanpe.org.pe\/wp-content\/uploads\/2026\/04\/Imagen1-2-300x172.jpg 300w, https:\/\/profonanpe.org.pe\/wp-content\/uploads\/2026\/04\/Imagen1-2-18x10.jpg 18w\" sizes=\"(max-width: 567px) 100vw, 567px\" \/>\t\t\t\t\t\t\t\t<\/a>\n\t\t\t\t\t\t\t\t\t\t\t\t\t<\/div>\n\t\t\t\t<\/div>\n\t\t\t\t\t<\/div>\n\t\t<\/div>\n\t\t\t\t\t<\/div>\n\t\t<\/section>\n\t\t\t\t<\/div>\n\t\t<\/div><\/div><\/div><\/div>\t\t<\/div>\n\t\t\t\t<\/div>\n\t\t\t\t\t<\/div>\n\t\t<\/div>\n\t\t\t\t\t<\/div>\n\t\t<\/section>\n\t\t\t\t<section class=\"elementor-section elementor-top-section elementor-element elementor-element-2e4bbd9 elementor-section-boxed elementor-section-height-default elementor-section-height-default\" data-id=\"2e4bbd9\" data-element_type=\"section\" data-settings=\"{&quot;_ha_eqh_enable&quot;:false}\">\n\t\t\t\t\t\t<div class=\"elementor-container elementor-column-gap-default\">\n\t\t\t\t\t<div class=\"elementor-column elementor-col-100 elementor-top-column elementor-element elementor-element-4f459b6\" data-id=\"4f459b6\" data-element_type=\"column\">\n\t\t\t<div class=\"elementor-widget-wrap elementor-element-populated\">\n\t\t\t\t\t\t<div class=\"elementor-element elementor-element-bbcdbae elementor-widget elementor-widget-shortcode\" data-id=\"bbcdbae\" data-element_type=\"widget\" data-widget_type=\"shortcode.default\">\n\t\t\t\t<div class=\"elementor-widget-container\">\n\t\t\t    \n\t<section class=\"elementor-section elementor-section-boxed\">\n\t    \t<div class=\"elementor-container elementor-column-gap-default\">\n\t\t\t\t<div class=\"elementor-column elementor-col-100\">\n\t\t\t\t\t<div class=\"filtro-busqueda\">\n\t\t\t\t\t\t<form id=\"form-filtro-busqueda\" action=\"https:\/\/profonanpe.org.pe\/noticias\/\" method=\"get\" >\n\t\t\t\t\t\t\t\t\t\t\t\t\t\t<div class=\"row\">\n\t\t\t\t\t\t\t\t<!--<div class=\"col-md-12\">\n\t\t\t\t\t\t\t\t\t<h4>Filtro de busqueda<\/h4>\n\t\t\t\t\t\t\t\t<\/div>-->\n\t\t\t\t\t\t\t\t<div class=\"col-md-12 row-txt\">\n\t\t\t\t\t\t\t\t\t<input type=\"text\" name=\"s-desc\" placeholder=\"Titulo\" value=\"\">\n\t\t\t\t\t\t\t\t<\/div>\n\t\t\t\t\t\t\t\t<div class=\"col-md-12 row-select\">\n\t\t\t\t\t\t\t\t\t<select name=\"s-categorialib\" >\n\t\t\t\t\t\t\t\t\t\t<option value=\"0\">Seleccione una categor\u00eda<\/option>\n\t\t\t\t\t\t\t\t\t\t\t\t\t\t\t\t\t\t\t\t\t\t<option value=\"nota-de-prensa-declaracion-conjunta\">Nota de prensa - Declaraci\u00f3n Conjunta<\/option>\n\t\t\t\t\t\t\t\t\t\t\t\t\t\t\t\t\t\t\t\t\t\t\t\t\t\t\t\t\t\t\t\t\t<option value=\"2025\">2025<\/option>\n\t\t\t\t\t\t\t\t\t\t\t\t\t\t\t\t\t\t\t\t\t\t\t\t\t\t\t\t\t\t\t\t\t<option value=\"2026-es\">2026<\/option>\n\t\t\t\t\t\t\t\t\t\t\t\t\t\t\t\t\t\t\t\t\t\t\t\t\t\t\t\t\t\t\t\t\t<option value=\"cuencas-vivas\">Cuencas Vivas<\/option>\n\t\t\t\t\t\t\t\t\t\t\t\t\t\t\t\t\t\t\t\t\t\t\t\t\t\t\t\t\t\t\t\t\t<option value=\"cronicas\">Cr\u00f3nicas<\/option>\n\t\t\t\t\t\t\t\t\t\t\t\t\t\t\t\t\t\t\t\t\t\t\t\t\t\t\t\t\t\t\t\t\t<option value=\"2024\">2024<\/option>\n\t\t\t\t\t\t\t\t\t\t\t\t\t\t\t\t\t\t\t\t\t\t\t\t\t\t\t\t\t\t\t\t\t<option value=\"publicaciones\">Publicaciones<\/option>\n\t\t\t\t\t\t\t\t\t\t\t\t\t\t\t\t\t\t\t\t\t\t\t\t\t\t\t\t\t\t\t\t\t<option value=\"2023\">2023<\/option>\n\t\t\t\t\t\t\t\t\t\t\t\t\t\t\t\t\t\t\t\t\t\t\t\t\t\t\t\t\t\t\t\t\t<option value=\"2022\">2022<\/option>\n\t\t\t\t\t\t\t\t\t\t\t\t\t\t\t\t\t\t\t\t\t\t\t\t\t\t\t\t\t\t\t\t\t<option value=\"noticias\">Noticias<\/option>\n\t\t\t\t\t\t\t\t\t\t\t\t\t\t\t\t\t\t\t\t\t\t\t\t\t\t\t\t\t\t\t\t\t<option value=\"2021\">2021<\/option>\n\t\t\t\t\t\t\t\t\t\t\t\t\t\t\t\t\t\t\t\t\t\t\t\t\t\t\t\t\t\t\t\t\t<option value=\"2020\">2020<\/option>\n\t\t\t\t\t\t\t\t\t\t\t\t\t\t\t\t\t\t\t\t\t\t\t\t\t\t\t\t\t\t\t\t\t<option value=\"columnas-es\">Columnas<\/option>\n\t\t\t\t\t\t\t\t\t\t\t\t\t\t\t\t\t\t\t\t\t\t\t\t\t\t\t\t\t\t<\/select>\n\t\t\t\t\t\t\t\t<\/div>\n\t\t\t\t\t\t\t\t<div class=\"col-md-12\">\n\t\t\t\t\t\t\t\t\t<input type=\"submit\" class=\"btn-primary\" value=\"Buscar\">\n\t\t\t\t\t\t\t\t<\/div>\n\t\t\t\t\t\t\t<\/div>\n\t\t\t\t\t\t<\/form>\n\t\t\t\t\t<\/div>\n\t\t\t\t<\/div>\n\t\t\t<\/div>\n\t\t\n\t\t\t\t\t\t\t\t\t\t\t<div class=\"elementor-container\">\n\t\t\t\t\t\t\t\t\t\t\t\t<div class=\"elementor-column elementor-col-25 wow fadeInUp\" data-wow-offset=\"100\" data-wow-duration=\"1s\">\n\t\t\t\t\t\t\t\t<div class=\"item-libro\">\n\t\t\t\t\t\t\t\t\t\t<div class=\"item-img\">\n\t\t\t\t\t\t\t\t\t\t\t<img decoding=\"async\" src=\"https:\/\/profonanpe.org.pe\/wp-content\/uploads\/2026\/04\/FOTO-01-CREDITOS-MPO.jpeg\" style=\"width:100%;\" \/>\n\t\t\t\t\t\t\t\t\t\t<\/div>\n\t\t\t\t\t\t\t\t\t\t<div class=\"item-content\">\n\t\t\t\t\t\t\t\t\t\t\t<h3 class=\"item-title\">Municipalidad de Oxapampa articula esfuerzos con Poli-LAC para impulsar cadenas productivas amigables con polinizadores<\/h3>\n\t\t\t\t\t\t\t\t\t\t\t<a class=\"btn-primary\" href=\"https:\/\/profonanpe.org.pe\/en\/oxapampa-procompite-provincial-incorpora-criterios-de-proteccion-a-polinizadores-junto-a-poli-lac\/\" target=\"_blank\">Ver M\u00e1s<\/a>\t\t\t\t\t\t\t\t\t\n\t\t\t\t\t\t\t\t\t\t<\/div>\n\t\t\t\t\t\t\t\t<\/div>\n\t\t\t\t\t\t<\/div>\t\n\t\t\t\t\t\t\t\t\t\t\t\t\t\t\t\t<div class=\"elementor-column elementor-col-25 wow fadeInUp\" data-wow-offset=\"100\" data-wow-duration=\"1s\">\n\t\t\t\t\t\t\t\t<div class=\"item-libro\">\n\t\t\t\t\t\t\t\t\t\t<div class=\"item-img\">\n\t\t\t\t\t\t\t\t\t\t\t<img decoding=\"async\" src=\"https:\/\/profonanpe.org.pe\/wp-content\/uploads\/2026\/04\/Imagen1.png\" style=\"width:100%;\" \/>\n\t\t\t\t\t\t\t\t\t\t<\/div>\n\t\t\t\t\t\t\t\t\t\t<div class=\"item-content\">\n\t\t\t\t\t\t\t\t\t\t\t<h3 class=\"item-title\">Se ratific\u00f3 la creaci\u00f3n del \u00c1rea de Conservaci\u00f3n Privada Huata con firma comunal<\/h3>\n\t\t\t\t\t\t\t\t\t\t\t<a class=\"btn-primary\" href=\"https:\/\/profonanpe.org.pe\/en\/se-ratifico-la-creacion-del-area-de-conservacion-privada-huata-con-firma-comunal\/\" target=\"_blank\">Ver M\u00e1s<\/a>\t\t\t\t\t\t\t\t\t\n\t\t\t\t\t\t\t\t\t\t<\/div>\n\t\t\t\t\t\t\t\t<\/div>\n\t\t\t\t\t\t<\/div>\t\n\t\t\t\t\t\t\t\t\t\t\t\t\t\t\t\t<div class=\"elementor-column elementor-col-25 wow fadeInUp\" data-wow-offset=\"100\" data-wow-duration=\"1s\">\n\t\t\t\t\t\t\t\t<div class=\"item-libro\">\n\t\t\t\t\t\t\t\t\t\t<div class=\"item-img\">\n\t\t\t\t\t\t\t\t\t\t\t<img decoding=\"async\" src=\"https:\/\/profonanpe.org.pe\/wp-content\/uploads\/2026\/04\/DSC02708.jpg\" style=\"width:100%;\" \/>\n\t\t\t\t\t\t\t\t\t\t<\/div>\n\t\t\t\t\t\t\t\t\t\t<div class=\"item-content\">\n\t\t\t\t\t\t\t\t\t\t\t<h3 class=\"item-title\">Proyecto DCI moviliza cerca de 10 millones de d\u00f3lares en favor de la Amazon\u00eda peruana<\/h3>\n\t\t\t\t\t\t\t\t\t\t\t<a class=\"btn-primary\" href=\"https:\/\/profonanpe.org.pe\/en\/proyecto-dci-moviliza-cerca-de-10-millones-de-dolares-en-favor-de-la-amazonia-peruana\/\" target=\"_blank\">Ver M\u00e1s<\/a>\t\t\t\t\t\t\t\t\t\n\t\t\t\t\t\t\t\t\t\t<\/div>\n\t\t\t\t\t\t\t\t<\/div>\n\t\t\t\t\t\t<\/div>\t\n\t\t\t\t\t\t\t\t\t\t\t\t\t\t\t\t<div class=\"elementor-column elementor-col-25 wow fadeInUp\" data-wow-offset=\"100\" data-wow-duration=\"1s\">\n\t\t\t\t\t\t\t\t<div class=\"item-libro\">\n\t\t\t\t\t\t\t\t\t\t<div class=\"item-img\">\n\t\t\t\t\t\t\t\t\t\t\t<img decoding=\"async\" src=\"https:\/\/profonanpe.org.pe\/wp-content\/uploads\/2026\/04\/Imagen3-1.jpg\" style=\"width:100%;\" \/>\n\t\t\t\t\t\t\t\t\t\t<\/div>\n\t\t\t\t\t\t\t\t\t\t<div class=\"item-content\">\n\t\t\t\t\t\t\t\t\t\t\t<h3 class=\"item-title\">Familias y autoridades de Paliapampa se movilizaron para reforestar cabeceras de cuenca en Jun\u00edn<\/h3>\n\t\t\t\t\t\t\t\t\t\t\t<a class=\"btn-primary\" href=\"https:\/\/profonanpe.org.pe\/en\/familias-y-autoridades-de-paliapampa-se-movilizaron-para-reforestar-cabeceras-de-cuenca-en-junin\/\" target=\"_blank\">Ver M\u00e1s<\/a>\t\t\t\t\t\t\t\t\t\n\t\t\t\t\t\t\t\t\t\t<\/div>\n\t\t\t\t\t\t\t\t<\/div>\n\t\t\t\t\t\t<\/div>\t\n\t\t\t\t\t\t\t\t\t\t\t\t\t<\/div>\n\t\t\t\t\t\t\t\t\t\t\t\t\t\t\t\t\t<div class=\"elementor-container\">\n\t\t\t\t\t\t\t\t\t\t\t\t<div class=\"elementor-column elementor-col-25 wow fadeInUp\" data-wow-offset=\"100\" data-wow-duration=\"1s\">\n\t\t\t\t\t\t\t\t<div class=\"item-libro\">\n\t\t\t\t\t\t\t\t\t\t<div class=\"item-img\">\n\t\t\t\t\t\t\t\t\t\t\t<img decoding=\"async\" src=\"https:\/\/profonanpe.org.pe\/wp-content\/uploads\/2026\/04\/Imagen1-3.jpg\" style=\"width:100%;\" \/>\n\t\t\t\t\t\t\t\t\t\t<\/div>\n\t\t\t\t\t\t\t\t\t\t<div class=\"item-content\">\n\t\t\t\t\t\t\t\t\t\t\t<h3 class=\"item-title\">Culmin\u00f3 la elaboraci\u00f3n del Plan Maestro preliminar para el futuro ACR Rontoccocha en Apur\u00edmac<\/h3>\n\t\t\t\t\t\t\t\t\t\t\t<a class=\"btn-primary\" href=\"https:\/\/profonanpe.org.pe\/en\/culmino-la-elaboracion-del-plan-maestro-preliminar-para-el-futuro-acr-rontoccocha-en-apurimac\/\" target=\"_blank\">Ver M\u00e1s<\/a>\t\t\t\t\t\t\t\t\t\n\t\t\t\t\t\t\t\t\t\t<\/div>\n\t\t\t\t\t\t\t\t<\/div>\n\t\t\t\t\t\t<\/div>\t\n\t\t\t\t\t\t\t\t\t\t\t\t\t\t\t\t<div class=\"elementor-column elementor-col-25 wow fadeInUp\" data-wow-offset=\"100\" data-wow-duration=\"1s\">\n\t\t\t\t\t\t\t\t<div class=\"item-libro\">\n\t\t\t\t\t\t\t\t\t\t<div class=\"item-img\">\n\t\t\t\t\t\t\t\t\t\t\t<img decoding=\"async\" src=\"https:\/\/profonanpe.org.pe\/wp-content\/uploads\/2026\/04\/Imagen1-2.jpg\" style=\"width:100%;\" \/>\n\t\t\t\t\t\t\t\t\t\t<\/div>\n\t\t\t\t\t\t\t\t\t\t<div class=\"item-content\">\n\t\t\t\t\t\t\t\t\t\t\t<h3 class=\"item-title\">Lambayeque actualiza su Estrategia Regional de Cambio Clim\u00e1tico con estudio de riesgos  al 2050<\/h3>\n\t\t\t\t\t\t\t\t\t\t\t<a class=\"btn-primary\" href=\"https:\/\/profonanpe.org.pe\/en\/lambayeque-actualiza-su-estrategia-regional-de-cambio-climatico-con-estudio-de-riesgos-al-2050\/\" target=\"_blank\">Ver M\u00e1s<\/a>\t\t\t\t\t\t\t\t\t\n\t\t\t\t\t\t\t\t\t\t<\/div>\n\t\t\t\t\t\t\t\t<\/div>\n\t\t\t\t\t\t<\/div>\t\n\t\t\t\t\t\t\t\t\t\t\t\t\t\t\t\t<div class=\"elementor-column elementor-col-25 wow fadeInUp\" data-wow-offset=\"100\" data-wow-duration=\"1s\">\n\t\t\t\t\t\t\t\t<div class=\"item-libro\">\n\t\t\t\t\t\t\t\t\t\t<div class=\"item-img\">\n\t\t\t\t\t\t\t\t\t\t\t<img decoding=\"async\" src=\"https:\/\/profonanpe.org.pe\/wp-content\/uploads\/2026\/04\/Intercambio-MRCVFFS.jpg\" style=\"width:100%;\" \/>\n\t\t\t\t\t\t\t\t\t\t<\/div>\n\t\t\t\t\t\t\t\t\t\t<div class=\"item-content\">\n\t\t\t\t\t\t\t\t\t\t\t<h3 class=\"item-title\">Seis regiones amaz\u00f3nicas se articulan para enfrentar las actividades ilegales y proteger los bosques<\/h3>\n\t\t\t\t\t\t\t\t\t\t\t<a class=\"btn-primary\" href=\"https:\/\/profonanpe.org.pe\/en\/seis-regiones-amazonicas-se-articulan-para-enfrentar-las-actividades-ilegales-y-proteger-los-bosques\/\" target=\"_blank\">Ver M\u00e1s<\/a>\t\t\t\t\t\t\t\t\t\n\t\t\t\t\t\t\t\t\t\t<\/div>\n\t\t\t\t\t\t\t\t<\/div>\n\t\t\t\t\t\t<\/div>\t\n\t\t\t\t\t\t\t\t\t\t\t\t\t\t\t\t<div class=\"elementor-column elementor-col-25 wow fadeInUp\" data-wow-offset=\"100\" data-wow-duration=\"1s\">\n\t\t\t\t\t\t\t\t<div class=\"item-libro\">\n\t\t\t\t\t\t\t\t\t\t<div class=\"item-img\">\n\t\t\t\t\t\t\t\t\t\t\t<img decoding=\"async\" src=\"https:\/\/profonanpe.org.pe\/wp-content\/uploads\/2026\/04\/Imagen1-1.jpg\" style=\"width:100%;\" \/>\n\t\t\t\t\t\t\t\t\t\t<\/div>\n\t\t\t\t\t\t\t\t\t\t<div class=\"item-content\">\n\t\t\t\t\t\t\t\t\t\t\t<h3 class=\"item-title\">Oxapampa aprueba plan clave para proteger a los polinizadores y fortalecer su biodiversidad<\/h3>\n\t\t\t\t\t\t\t\t\t\t\t<a class=\"btn-primary\" href=\"https:\/\/profonanpe.org.pe\/en\/oxapampa-aprueba-plan-clave-para-proteger-a-los-polinizadores-y-fortalecer-su-biodiversidad\/\" target=\"_blank\">Ver M\u00e1s<\/a>\t\t\t\t\t\t\t\t\t\n\t\t\t\t\t\t\t\t\t\t<\/div>\n\t\t\t\t\t\t\t\t<\/div>\n\t\t\t\t\t\t<\/div>\t\n\t\t\t\t\t\t\t\t\t\t\t\t\t<\/div>\n\t\t\t\t\t\t\t\t\t\t\t\t\t\t\t\t\t<div class=\"elementor-container\">\n\t\t\t\t\t\t\t\t\t\t\t\t<div class=\"elementor-column elementor-col-25 wow fadeInUp\" data-wow-offset=\"100\" data-wow-duration=\"1s\">\n\t\t\t\t\t\t\t\t<div class=\"item-libro\">\n\t\t\t\t\t\t\t\t\t\t<div class=\"item-img\">\n\t\t\t\t\t\t\t\t\t\t\t<img decoding=\"async\" src=\"https:\/\/profonanpe.org.pe\/wp-content\/uploads\/2026\/04\/Imagen3.jpg\" style=\"width:100%;\" \/>\n\t\t\t\t\t\t\t\t\t\t<\/div>\n\t\t\t\t\t\t\t\t\t\t<div class=\"item-content\">\n\t\t\t\t\t\t\t\t\t\t\t<h3 class=\"item-title\">Propuesta protege cabeceras de cuencas que abastecen de agua a m\u00e1s de 340 familias en Abancay<\/h3>\n\t\t\t\t\t\t\t\t\t\t\t<a class=\"btn-primary\" href=\"https:\/\/profonanpe.org.pe\/en\/propuesta-protege-cabeceras-de-cuencas-que-abastecen-de-agua-a-mas-de-340-familias-en-abancay\/\" target=\"_blank\">Ver M\u00e1s<\/a>\t\t\t\t\t\t\t\t\t\n\t\t\t\t\t\t\t\t\t\t<\/div>\n\t\t\t\t\t\t\t\t<\/div>\n\t\t\t\t\t\t<\/div>\t\n\t\t\t\t\t\t\t\t\t\t\t\t\t\t\t\t<div class=\"elementor-column elementor-col-25 wow fadeInUp\" data-wow-offset=\"100\" data-wow-duration=\"1s\">\n\t\t\t\t\t\t\t\t<div class=\"item-libro\">\n\t\t\t\t\t\t\t\t\t\t<div class=\"item-img\">\n\t\t\t\t\t\t\t\t\t\t\t<img decoding=\"async\" src=\"https:\/\/profonanpe.org.pe\/wp-content\/uploads\/2026\/04\/Imagen1.jpg\" style=\"width:100%;\" \/>\n\t\t\t\t\t\t\t\t\t\t<\/div>\n\t\t\t\t\t\t\t\t\t\t<div class=\"item-content\">\n\t\t\t\t\t\t\t\t\t\t\t<h3 class=\"item-title\">Cuatro federaciones ind\u00edgenas kichwas alinean su normativa con la gesti\u00f3n del riesgo clim\u00e1tico<\/h3>\n\t\t\t\t\t\t\t\t\t\t\t<a class=\"btn-primary\" href=\"https:\/\/profonanpe.org.pe\/en\/cuatro-federaciones-indigenas-kichwas-alinean-su-normativa-con-la-gestion-del-riesgo-climatico\/\" target=\"_blank\">Ver M\u00e1s<\/a>\t\t\t\t\t\t\t\t\t\n\t\t\t\t\t\t\t\t\t\t<\/div>\n\t\t\t\t\t\t\t\t<\/div>\n\t\t\t\t\t\t<\/div>\t\n\t\t\t\t\t\t\t\t\t\t\t\t\t\t\t\t<div class=\"elementor-column elementor-col-25 wow fadeInUp\" data-wow-offset=\"100\" data-wow-duration=\"1s\">\n\t\t\t\t\t\t\t\t<div class=\"item-libro\">\n\t\t\t\t\t\t\t\t\t\t<div class=\"item-img\">\n\t\t\t\t\t\t\t\t\t\t\t<img decoding=\"async\" src=\"https:\/\/profonanpe.org.pe\/wp-content\/uploads\/2026\/04\/DSC02021.jpg\" style=\"width:100%;\" \/>\n\t\t\t\t\t\t\t\t\t\t<\/div>\n\t\t\t\t\t\t\t\t\t\t<div class=\"item-content\">\n\t\t\t\t\t\t\t\t\t\t\t<h3 class=\"item-title\">Comunidades ind\u00edgenas fortalecen sus ingresos a trav\u00e9s de la bioeconom\u00eda comunitaria<\/h3>\n\t\t\t\t\t\t\t\t\t\t\t<a class=\"btn-primary\" href=\"https:\/\/profonanpe.org.pe\/en\/comunidades-indigenas-fortalecen-sus-ingresos-a-traves-de-la-bioeconomia-comunitaria\/\" target=\"_blank\">Ver M\u00e1s<\/a>\t\t\t\t\t\t\t\t\t\n\t\t\t\t\t\t\t\t\t\t<\/div>\n\t\t\t\t\t\t\t\t<\/div>\n\t\t\t\t\t\t<\/div>\t\n\t\t\t\t\t\t\t\t\t\t\t\t\t\t\t\t<div class=\"elementor-column elementor-col-25 wow fadeInUp\" data-wow-offset=\"100\" data-wow-duration=\"1s\">\n\t\t\t\t\t\t\t\t<div class=\"item-libro\">\n\t\t\t\t\t\t\t\t\t\t<div class=\"item-img\">\n\t\t\t\t\t\t\t\t\t\t\t<img decoding=\"async\" src=\"https:\/\/profonanpe.org.pe\/wp-content\/uploads\/2026\/04\/PN-del-Manu-Rafael-Irirarte-Archivo-Sernanp-2.jpg\" style=\"width:100%;\" \/>\n\t\t\t\t\t\t\t\t\t\t<\/div>\n\t\t\t\t\t\t\t\t\t\t<div class=\"item-content\">\n\t\t\t\t\t\t\t\t\t\t\t<h3 class=\"item-title\">Acceso directo de organizaciones ind\u00edgenas al financiamiento clim\u00e1tico para la conservaci\u00f3n de sus territorios<\/h3>\n\t\t\t\t\t\t\t\t\t\t\t<a class=\"btn-primary\" href=\"https:\/\/profonanpe.org.pe\/en\/acceso-directo-de-organizaciones-indigenas-al-financiamiento-climatico-para-la-conservacion-de-sus-territorios\/\" target=\"_blank\">Ver M\u00e1s<\/a>\t\t\t\t\t\t\t\t\t\n\t\t\t\t\t\t\t\t\t\t<\/div>\n\t\t\t\t\t\t\t\t<\/div>\n\t\t\t\t\t\t<\/div>\t\n\t\t\t\t\t\t\t\t\t\t\t\t\t<\/div>\n\t\t\t\t\t\t\t\t\t\t\t\t\t\t<\/div>\n\t\t\t\t\t\n\t\t\t<div class=\"elementor-container elementor-column-gap-default\">\n\t\t\t\t<div class=\"elementor-column elementor-col-100\">\n\t\t\t\t\t\t\t\t\t\t <nav class=\"custom-pagination\">\n\t\t\t\t\t\t\t <span class=\"page-num\">P&aacute;gina 1 de 35<\/span>\n\t\t\t\t\t\t\t <span aria-current=\"page\" class=\"page-numbers current\">1<\/span>\n<a class=\"page-numbers\" href=\"\/en\/wp-json\/wp\/v2\/pages\/22201?paged=2\">2<\/a>\n<a class=\"page-numbers\" href=\"\/en\/wp-json\/wp\/v2\/pages\/22201?paged=3\">3<\/a>\n<span class=\"page-numbers dots\">&hellip;<\/span>\n<a class=\"page-numbers\" href=\"\/en\/wp-json\/wp\/v2\/pages\/22201?paged=35\">35<\/a>\n<a class=\"next page-numbers\" href=\"\/en\/wp-json\/wp\/v2\/pages\/22201?paged=2\">&raquo;<\/a>\t\t\t\t\t<\/nav>\n\t\t\t\t\t    \t\t\t<\/div>\n    \t\t<\/div>\n\n\t<\/section>\n\t\t<div class=\"elementor-shortcode\"><\/div>\n\t\t\t\t<\/div>\n\t\t\t\t<\/div>\n\t\t\t\t\t<\/div>\n\t\t<\/div>\n\t\t\t\t\t<\/div>\n\t\t<\/section>\n\t\t\t\t<\/div>\n\t\t","protected":false},"excerpt":{"rendered":"<p>Read more Read more Read more Read more Read more Read more Read more Read more Read more Read more<\/p>","protected":false},"author":16,"featured_media":0,"parent":0,"menu_order":0,"comment_status":"closed","ping_status":"open","template":"","meta":{"_acf_changed":false,"footnotes":""},"class_list":["post-22201","page","type-page","status-publish","hentry"],"acf":[],"yoast_head":"<!-- This site is optimized with the Yoast SEO plugin v27.4 - https:\/\/yoast.com\/product\/yoast-seo-wordpress\/ -->\n<title>Noticias - Profonanpe<\/title>\n<meta name=\"robots\" content=\"index, follow, max-snippet:-1, max-image-preview:large, max-video-preview:-1\" \/>\n<link rel=\"canonical\" href=\"https:\/\/profonanpe.org.pe\/en\/news\/\" \/>\n<meta property=\"og:locale\" content=\"en_US\" \/>\n<meta property=\"og:type\" content=\"article\" \/>\n<meta property=\"og:title\" content=\"Noticias - Profonanpe\" \/>\n<meta property=\"og:description\" content=\"Leer m\u00e1s Leer m\u00e1s Leer m\u00e1s Leer m\u00e1s Leer m\u00e1s Leer m\u00e1s\" \/>\n<meta property=\"og:url\" content=\"https:\/\/profonanpe.org.pe\/en\/news\/\" \/>\n<meta property=\"og:site_name\" content=\"Profonanpe\" \/>\n<meta property=\"article:modified_time\" content=\"2022-03-05T17:53:08+00:00\" \/>\n<meta property=\"og:image\" content=\"https:\/\/profonanpe.org.pe\/wp-content\/uploads\/2020\/10\/Snippet-Profonanpe-v2.jpg\" \/>\n\t<meta property=\"og:image:width\" content=\"524\" \/>\n\t<meta property=\"og:image:height\" content=\"274\" \/>\n\t<meta property=\"og:image:type\" content=\"image\/jpeg\" \/>\n<meta name=\"twitter:card\" content=\"summary_large_image\" \/>\n<meta name=\"twitter:label1\" content=\"Est. reading time\" \/>\n\t<meta name=\"twitter:data1\" content=\"50 minutes\" \/>\n<script type=\"application\/ld+json\" class=\"yoast-schema-graph\">{\"@context\":\"https:\\\/\\\/schema.org\",\"@graph\":[{\"@type\":\"WebPage\",\"@id\":\"https:\\\/\\\/profonanpe.org.pe\\\/en\\\/noticias\\\/\",\"url\":\"https:\\\/\\\/profonanpe.org.pe\\\/en\\\/noticias\\\/\",\"name\":\"Noticias - Profonanpe\",\"isPartOf\":{\"@id\":\"https:\\\/\\\/profonanpe.org.pe\\\/#website\"},\"datePublished\":\"2022-03-05T17:04:50+00:00\",\"dateModified\":\"2022-03-05T17:53:08+00:00\",\"breadcrumb\":{\"@id\":\"https:\\\/\\\/profonanpe.org.pe\\\/en\\\/noticias\\\/#breadcrumb\"},\"inLanguage\":\"en-US\",\"potentialAction\":[{\"@type\":\"ReadAction\",\"target\":[\"https:\\\/\\\/profonanpe.org.pe\\\/en\\\/noticias\\\/\"]}]},{\"@type\":\"BreadcrumbList\",\"@id\":\"https:\\\/\\\/profonanpe.org.pe\\\/en\\\/noticias\\\/#breadcrumb\",\"itemListElement\":[{\"@type\":\"ListItem\",\"position\":1,\"name\":\"Portada\",\"item\":\"https:\\\/\\\/profonanpe.org.pe\\\/\"},{\"@type\":\"ListItem\",\"position\":2,\"name\":\"Noticias\"}]},{\"@type\":\"WebSite\",\"@id\":\"https:\\\/\\\/profonanpe.org.pe\\\/#website\",\"url\":\"https:\\\/\\\/profonanpe.org.pe\\\/\",\"name\":\"Profonanpe\",\"description\":\"\",\"publisher\":{\"@id\":\"https:\\\/\\\/profonanpe.org.pe\\\/#organization\"},\"potentialAction\":[{\"@type\":\"SearchAction\",\"target\":{\"@type\":\"EntryPoint\",\"urlTemplate\":\"https:\\\/\\\/profonanpe.org.pe\\\/?s={search_term_string}\"},\"query-input\":{\"@type\":\"PropertyValueSpecification\",\"valueRequired\":true,\"valueName\":\"search_term_string\"}}],\"inLanguage\":\"en-US\"},{\"@type\":\"Organization\",\"@id\":\"https:\\\/\\\/profonanpe.org.pe\\\/#organization\",\"name\":\"Profonanpe\",\"url\":\"https:\\\/\\\/profonanpe.org.pe\\\/\",\"logo\":{\"@type\":\"ImageObject\",\"inLanguage\":\"en-US\",\"@id\":\"https:\\\/\\\/profonanpe.org.pe\\\/#\\\/schema\\\/logo\\\/image\\\/\",\"url\":\"https:\\\/\\\/profonanpe.org.pe\\\/wp-content\\\/uploads\\\/2020\\\/10\\\/Snippet-Profonanpe-v2.jpg\",\"contentUrl\":\"https:\\\/\\\/profonanpe.org.pe\\\/wp-content\\\/uploads\\\/2020\\\/10\\\/Snippet-Profonanpe-v2.jpg\",\"width\":524,\"height\":274,\"caption\":\"Profonanpe\"},\"image\":{\"@id\":\"https:\\\/\\\/profonanpe.org.pe\\\/#\\\/schema\\\/logo\\\/image\\\/\"}}]}<\/script>\n<!-- \/ Yoast SEO plugin. -->","yoast_head_json":{"title":"News - Profonanpe","robots":{"index":"index","follow":"follow","max-snippet":"max-snippet:-1","max-image-preview":"max-image-preview:large","max-video-preview":"max-video-preview:-1"},"canonical":"https:\/\/profonanpe.org.pe\/en\/news\/","og_locale":"en_US","og_type":"article","og_title":"Noticias - Profonanpe","og_description":"Leer m\u00e1s Leer m\u00e1s Leer m\u00e1s Leer m\u00e1s Leer m\u00e1s Leer m\u00e1s","og_url":"https:\/\/profonanpe.org.pe\/en\/news\/","og_site_name":"Profonanpe","article_modified_time":"2022-03-05T17:53:08+00:00","og_image":[{"width":524,"height":274,"url":"https:\/\/profonanpe.org.pe\/wp-content\/uploads\/2020\/10\/Snippet-Profonanpe-v2.jpg","type":"image\/jpeg"}],"twitter_card":"summary_large_image","twitter_misc":{"Est. reading time":"50 minutes"},"schema":{"@context":"https:\/\/schema.org","@graph":[{"@type":"WebPage","@id":"https:\/\/profonanpe.org.pe\/en\/noticias\/","url":"https:\/\/profonanpe.org.pe\/en\/noticias\/","name":"News - Profonanpe","isPartOf":{"@id":"https:\/\/profonanpe.org.pe\/#website"},"datePublished":"2022-03-05T17:04:50+00:00","dateModified":"2022-03-05T17:53:08+00:00","breadcrumb":{"@id":"https:\/\/profonanpe.org.pe\/en\/noticias\/#breadcrumb"},"inLanguage":"en-US","potentialAction":[{"@type":"ReadAction","target":["https:\/\/profonanpe.org.pe\/en\/noticias\/"]}]},{"@type":"BreadcrumbList","@id":"https:\/\/profonanpe.org.pe\/en\/noticias\/#breadcrumb","itemListElement":[{"@type":"ListItem","position":1,"name":"Portada","item":"https:\/\/profonanpe.org.pe\/"},{"@type":"ListItem","position":2,"name":"Noticias"}]},{"@type":"WebSite","@id":"https:\/\/profonanpe.org.pe\/#website","url":"https:\/\/profonanpe.org.pe\/","name":"Profonanpe","description":"","publisher":{"@id":"https:\/\/profonanpe.org.pe\/#organization"},"potentialAction":[{"@type":"SearchAction","target":{"@type":"EntryPoint","urlTemplate":"https:\/\/profonanpe.org.pe\/?s={search_term_string}"},"query-input":{"@type":"PropertyValueSpecification","valueRequired":true,"valueName":"search_term_string"}}],"inLanguage":"en-US"},{"@type":"Organization","@id":"https:\/\/profonanpe.org.pe\/#organization","name":"Profonanpe","url":"https:\/\/profonanpe.org.pe\/","logo":{"@type":"ImageObject","inLanguage":"en-US","@id":"https:\/\/profonanpe.org.pe\/#\/schema\/logo\/image\/","url":"https:\/\/profonanpe.org.pe\/wp-content\/uploads\/2020\/10\/Snippet-Profonanpe-v2.jpg","contentUrl":"https:\/\/profonanpe.org.pe\/wp-content\/uploads\/2020\/10\/Snippet-Profonanpe-v2.jpg","width":524,"height":274,"caption":"Profonanpe"},"image":{"@id":"https:\/\/profonanpe.org.pe\/#\/schema\/logo\/image\/"}}]}},"_links":{"self":[{"href":"https:\/\/profonanpe.org.pe\/en\/wp-json\/wp\/v2\/pages\/22201","targetHints":{"allow":["GET"]}}],"collection":[{"href":"https:\/\/profonanpe.org.pe\/en\/wp-json\/wp\/v2\/pages"}],"about":[{"href":"https:\/\/profonanpe.org.pe\/en\/wp-json\/wp\/v2\/types\/page"}],"author":[{"embeddable":true,"href":"https:\/\/profonanpe.org.pe\/en\/wp-json\/wp\/v2\/users\/16"}],"replies":[{"embeddable":true,"href":"https:\/\/profonanpe.org.pe\/en\/wp-json\/wp\/v2\/comments?post=22201"}],"version-history":[{"count":0,"href":"https:\/\/profonanpe.org.pe\/en\/wp-json\/wp\/v2\/pages\/22201\/revisions"}],"wp:attachment":[{"href":"https:\/\/profonanpe.org.pe\/en\/wp-json\/wp\/v2\/media?parent=22201"}],"curies":[{"name":"wp","href":"https:\/\/api.w.org\/{rel}","templated":true}]}}