{"version":"1.0","provider_name":"Profonanpe","provider_url":"https:\/\/profonanpe.org.pe\/en","title":"Caminando hacia una recuperaci\u00f3n sostenible de la Amazon\u00eda - Profonanpe","type":"rich","width":600,"height":338,"html":"<blockquote class=\"wp-embedded-content\" data-secret=\"WLNADAqj3q\"><a href=\"https:\/\/profonanpe.org.pe\/en\/caminando-hacia-una-recuperacion-sostenible-de-la-amazonia\/\">Towards a sustainable recovery of the Amazon region<\/a><\/blockquote><iframe sandbox=\"allow-scripts\" security=\"restricted\" src=\"https:\/\/profonanpe.org.pe\/en\/caminando-hacia-una-recuperacion-sostenible-de-la-amazonia\/embed\/#?secret=WLNADAqj3q\" width=\"600\" height=\"338\" title=\"\u201cWalking towards a sustainable recovery of the Amazon\u201d - Profonanpe\" data-secret=\"WLNADAqj3q\" frameborder=\"0\" marginwidth=\"0\" marginheight=\"0\" scrolling=\"no\" class=\"wp-embedded-content\"><\/iframe><script>\n\/*! This file is auto-generated *\/\n!function(d,l){\"use strict\";l.querySelector&&d.addEventListener&&\"undefined\"!=typeof URL&&(d.wp=d.wp||{},d.wp.receiveEmbedMessage||(d.wp.receiveEmbedMessage=function(e){var t=e.data;if((t||t.secret||t.message||t.value)&&!\/[^a-zA-Z0-9]\/.test(t.secret)){for(var s,r,n,a=l.querySelectorAll('iframe[data-secret=\"'+t.secret+'\"]'),o=l.querySelectorAll('blockquote[data-secret=\"'+t.secret+'\"]'),c=new RegExp(\"^https?:$\",\"i\"),i=0;i<o.length;i++)o[i].style.display=\"none\";for(i=0;i<a.length;i++)s=a[i],e.source===s.contentWindow&&(s.removeAttribute(\"style\"),\"height\"===t.message?(1e3<(r=parseInt(t.value,10))?r=1e3:~~r<200&&(r=200),s.height=r):\"link\"===t.message&&(r=new URL(s.getAttribute(\"src\")),n=new URL(t.value),c.test(n.protocol))&&n.host===r.host&&l.activeElement===s&&(d.top.location.href=t.value))}},d.addEventListener(\"message\",d.wp.receiveEmbedMessage,!1),l.addEventListener(\"DOMContentLoaded\",function(){for(var e,t,s=l.querySelectorAll(\"iframe.wp-embedded-content\"),r=0;r<s.length;r++)(t=(e=s[r]).getAttribute(\"data-secret\"))||(t=Math.random().toString(36).substring(2,12),e.src+=\"#?secret=\"+t,e.setAttribute(\"data-secret\",t)),e.contentWindow.postMessage({message:\"ready\",secret:t},\"*\")},!1)))}(window,document);\n<\/script>","thumbnail_url":"https:\/\/profonanpe.org.pe\/wp-content\/uploads\/2020\/10\/ceremonia-apertura-de-patrimonio-natural-del-per_47961515192_o-compressed-scaled.jpg","thumbnail_width":2560,"thumbnail_height":1707,"description":"Destacaron las contribuciones de todos los actores involucrados en los programas implementados en la regi\u00f3n amaz\u00f3nica. En particular, result\u00f3 muy valiosa la intervenci\u00f3n de representantes de Colombia, como Jani Silva, lideresa campesina y ambiental, quien ha contribuido protag\u00f3nicamente a la existencia y gobernanza de la Zona de Reserva Campesina Perla Amaz\u00f3nica. Ella incidi\u00f3 en la [&hellip;]"}